{"id":1332,"date":"2018-03-23T17:49:26","date_gmt":"2018-03-23T16:49:26","guid":{"rendered":"https:\/\/associmpp.club\/?page_id=1332"},"modified":"2025-06-02T15:10:44","modified_gmt":"2025-06-02T13:10:44","slug":"historique","status":"publish","type":"page","link":"https:\/\/associmpp.club\/?page_id=1332","title":{"rendered":"Le Club &#8230;."},"content":{"rendered":"<p style=\"text-align: center;\"><span style=\"font-family: times new roman,times,serif; font-size: 16px;\"><strong>Vous visitez le site officiel du Club Informatique\u00a0et Multim\u00e9dias du Plessis-P\u00e2t\u00e9\u00a0(CIM.PP), association loi 1901, d\u00e9clar\u00e9e \u00e0 la sous pr\u00e9fecture de Palaiseau le 28 d\u00e9cembre 2015, INSEE au 14 janvier 2016 &#8211; Identifiant SIRET : 817 664 980 00015<\/strong><\/span><\/p>\n<p style=\"text-align: center;\"><span style=\"font-family: times new roman,times,serif; font-size: 16px;\"><strong>Le si\u00e8ge social de l\u2019association est situ\u00e9 en Mairie &#8211; Place du 8 mai 1945 &#8211; 91220\u00a0Plessis-P\u00e2t\u00e9\u00a0 &#8211; ses locaux sont situ\u00e9s\u00a0 \u00e0 la M\u00e9diath\u00e8que du Plessis-P\u00e2t\u00e9 (face \u00e0 la Mairie) &#8211; le club est ouvert de septembre \u00e0 juin, les horaires sont ceux de la M\u00e9diath\u00e8que.\u00a0<\/strong><\/span><\/p>\n<p style=\"text-align: center;\"><span style=\"font-family: times new roman,times,serif; font-size: 16px;\"><strong>Ses adresses mail\u00a0 :\u00a0 associmpp.club@gmail.com ou cimpp.fr@gmail.com<\/strong><\/span><\/p>\n<p style=\"text-align: center;\"><span style=\"font-family: times new roman,times,serif; font-size: 16px;\"><strong>Conform\u00e9ment aux dispenses de d\u00e9claration N\u00b0 7 et 8 (JO N\u00b0 128 du 3 juin 2006) ce site ne fait pas l\u2019objet d\u2019une d\u00e9claration \u00e0 la CNIL, mais il en respecte\u00a0 les principes.<\/strong><\/span><\/p>\n<p style=\"text-align: center;\"><span style=\"font-family: times new roman,times,serif; font-size: 16px;\"><strong>Le Responsable de publication et webmestre est le Pr\u00e9sident de l\u2019association<\/strong><\/span> <span style=\"font-family: times new roman,times,serif; font-size: 16px;\"> <strong>Ce site est h\u00e9berg\u00e9 par\u00a0Infomaniak.ch<\/strong><\/span> <strong><img decoding=\"async\" class=\"alignnone size-full wp-image-1333 aligncenter\" src=\"https:\/\/associmpp.club\/wp-content\/uploads\/2018\/03\/Logo-2017-1.jpg\" alt=\"\" width=\"160\" height=\"113\" \/><\/strong><\/p>\n<p style=\"text-align: center;\"><span style=\"font-family: times new roman,times,serif; font-size: 16px;\"><strong>D\u00e9but d&#8217;activit\u00e9 : avril 2016\u00a0<\/strong><\/span><\/p>\n<p style=\"text-align: center;\"><span style=\"font-family: times new roman,times,serif; font-size: 16px;\"><strong>Projet initi\u00e9 en 2014 par l&#8217;actuel pr\u00e9sident et mis\u00a0en \u0153uvre fin 2015 avec\u00a0le concours\u00a0de la municipalit\u00e9 du Plessis-P\u00e2t\u00e9, <\/strong><strong>de l&#8217;agglom\u00e9ration du C\u0153ur d&#8217;Essonne<\/strong>\u00a0 \u00a0<strong>et des cinq premiers b\u00e9n\u00e9voles sans qui le club n&#8217;aurait pu d\u00e9marrer&#8230;(*Fran\u00e7oise, Alain, Benjamin, Claude, G\u00e9rard).<\/strong><\/span><\/p>\n<ul>\n<li><span style=\"font-family: times new roman,times,serif; font-size: 16px;\"><strong><span style=\"font-size: 20px;\">1\u00e8re saison<\/span> : avril 2016 \u00e0 fin juin 2016 <em>(plus de 100 heures de cours<\/em><\/strong><\/span><\/li>\n<li><span style=\"font-family: times new roman,times,serif; font-size: 16px;\"><strong><span style=\"font-size: 20px;\">2\u00e8me saison<\/span> : septembre 2016 \u00e0 fin juin 2017\u00a0<em>(plus de 300 heures de cours)<\/em><\/strong><\/span><\/li>\n<li><span style=\"font-family: times new roman,times,serif; font-size: 16px;\"><b><span style=\"font-size: 20px;\">3\u00e8me et 4\u00e8me saison :<\/span> septembre 2017 \u00e0 fin juin 2018 puis septembre 2018 \u00e0 fin juin 2019<br \/>\n<\/b><\/span><\/li>\n<li><strong><span style=\"font-family: times new roman, times, serif; font-size: 20px;\">5\u00e8me et 6\u00e8me saison : <span style=\"font-size: 16px;\">sept 2019 \u00e0 juin 2020 puis sept 2020 \u00e0 juin 2021<\/span><\/span><\/strong>\n<ul>\n<li><strong><span style=\"font-family: times new roman, times, serif; font-size: 16px;\">2 saisons largement perturb\u00e9es par la pand\u00e9mie Covid 19\u00a0 &#8211; suppression des cours en salle<\/span><\/strong><\/li>\n<li><strong><span style=\"font-family: times new roman, times, serif; font-size: 16px;\">Pr\u00e9paration de certains cours \u00e0 distance<\/span><\/strong><\/li>\n<li><strong><span style=\"font-family: times new roman, times, serif; font-size: 16px;\">Reprise cours en pr\u00e9sentiel 2022\u00a0 \/ 2023 <\/span><\/strong>\n<ul>\n<li style=\"text-align: center;\"><strong><span style=\"font-family: times new roman,times,serif; font-size: 16px;\">Avenir du club <\/span><\/strong><\/li>\n<\/ul>\n<\/li>\n<\/ul>\n<\/li>\n<\/ul>\n<p style=\"text-align: center;\"><span style=\"font-family: times new roman,times,serif; font-size: 16px;\"><strong>Notre objectif est d&#8217;adapter nos formations de fa\u00e7on permanente en fonction de l&#8217;\u00e9volution de l&#8217;informatique et de ses techniques connexes pr\u00e9sentes et futures. <\/strong><\/span> <span style=\"font-family: times new roman,times,serif; font-size: 16px;\"><strong>Le cursus d&#8217;initiation continuera de s&#8217;\u00e9taler sur deux ans pour les d\u00e9butants, mais il tend \u00e0 disparaitre.<\/strong><\/span><\/p>\n<ul>\n<li style=\"text-align: center;\"><span style=\"font-family: times new roman,times,serif; font-size: 20px;\"><strong>Appel \u00e0 de nouveaux animateurs<\/strong><\/span><\/li>\n<\/ul>\n<p style=\"text-align: center;\"><span style=\"font-family: times new roman,times,serif; font-size: 16px;\"> <strong>Vous r\u00e9sidez au Plessis-P\u00e2t\u00e9 ou l&#8217;une des communes du\u00a0 Coeur d&#8217;Essonne, vous \u00eates int\u00e9ress\u00e9(e) par cette exp\u00e9rience, alors venez d\u00e9couvrir le club et rejoindre son \u00e9quipe d&#8217;animateurs en postulant en ligne.<\/strong><\/span><\/p>\n<p style=\"text-align: left;\"><span style=\"font-family: times new roman,times,serif; font-size: 16px;\"><strong>Le Pr\u00e9sident<\/strong><\/span><\/p>\n<p><span style=\"font-family: times new roman,times,serif; font-size: 16px;\"><strong>\u00a0<\/strong><\/span><\/p>\n<p style=\"text-align: left;\">\n","protected":false},"excerpt":{"rendered":"<p>Vous visitez le site officiel du Club Informatique\u00a0et Multim\u00e9dias du Plessis-P\u00e2t\u00e9\u00a0(CIM.PP), association loi 1901, d\u00e9clar\u00e9e \u00e0 la sous pr\u00e9fecture de Palaiseau le 28 d\u00e9cembre 2015, INSEE au 14 janvier 2016 &#8211; Identifiant SIRET : 817 664 980 00015 Le si\u00e8ge social de l\u2019association est situ\u00e9 en Mairie &#8211; Place du 8 mai 1945 &#8211; 91220\u00a0Plessis-P\u00e2t\u00e9\u00a0 &#8211; ses locaux sont situ\u00e9s\u00a0 \u00e0 la M\u00e9diath\u00e8que du Plessis-P\u00e2t\u00e9 (face \u00e0 la Mairie) &#8211; le club est ouvert de septembre \u00e0 juin, les horaires sont ceux de la M\u00e9diath\u00e8que.\u00a0 Ses adresses mail\u00a0 :\u00a0 associmpp.club@gmail.com ou cimpp.fr@gmail.com Conform\u00e9ment aux dispenses\u2026<\/p>\n","protected":false},"author":1,"featured_media":0,"parent":0,"menu_order":0,"comment_status":"closed","ping_status":"closed","template":"","meta":{"_acf_changed":false,"_crdt_document":"","_uag_custom_page_level_css":"","footnotes":""},"class_list":["post-1332","page","type-page","status-publish","hentry"],"acf":[],"uagb_featured_image_src":{"full":false,"thumbnail":false,"medium":false,"medium_large":false,"large":false,"1536x1536":false,"2048x2048":false,"post-thumbnail":false,"blog-large":false,"blog-medium":false,"blog-small":false,"related-img":false,"portfolio-one":false,"recent-posts":false,"tabs-img":false,"agama-testimonials":false},"uagb_author_info":{"display_name":"Michel Marrer","author_link":"https:\/\/associmpp.club\/?author=1"},"uagb_comment_info":0,"uagb_excerpt":"Vous visitez le site officiel du Club Informatique\u00a0et Multim\u00e9dias du Plessis-P\u00e2t\u00e9\u00a0(CIM.PP), association loi 1901, d\u00e9clar\u00e9e \u00e0 la sous pr\u00e9fecture de Palaiseau le 28 d\u00e9cembre 2015, INSEE au 14 janvier 2016 &#8211; Identifiant SIRET : 817 664 980 00015 Le si\u00e8ge social de l\u2019association est situ\u00e9 en Mairie &#8211; Place du 8 mai 1945 &#8211; 91220\u00a0Plessis-P\u00e2t\u00e9\u00a0\u2026","_links":{"self":[{"href":"https:\/\/associmpp.club\/index.php?rest_route=\/wp\/v2\/pages\/1332","targetHints":{"allow":["GET"]}}],"collection":[{"href":"https:\/\/associmpp.club\/index.php?rest_route=\/wp\/v2\/pages"}],"about":[{"href":"https:\/\/associmpp.club\/index.php?rest_route=\/wp\/v2\/types\/page"}],"author":[{"embeddable":true,"href":"https:\/\/associmpp.club\/index.php?rest_route=\/wp\/v2\/users\/1"}],"replies":[{"embeddable":true,"href":"https:\/\/associmpp.club\/index.php?rest_route=%2Fwp%2Fv2%2Fcomments&post=1332"}],"version-history":[{"count":17,"href":"https:\/\/associmpp.club\/index.php?rest_route=\/wp\/v2\/pages\/1332\/revisions"}],"predecessor-version":[{"id":7917,"href":"https:\/\/associmpp.club\/index.php?rest_route=\/wp\/v2\/pages\/1332\/revisions\/7917"}],"wp:attachment":[{"href":"https:\/\/associmpp.club\/index.php?rest_route=%2Fwp%2Fv2%2Fmedia&parent=1332"}],"curies":[{"name":"wp","href":"https:\/\/api.w.org\/{rel}","templated":true}]}}